{"id":282,"date":"2021-06-08T16:04:52","date_gmt":"2021-06-08T14:04:52","guid":{"rendered":"https:\/\/www.williamadjetewilson.com\/en\/?page_id=282"},"modified":"2024-05-29T14:55:08","modified_gmt":"2024-05-29T12:55:08","slug":"personal-exhibitions","status":"publish","type":"page","link":"https:\/\/www.williamadjetewilson.com\/en\/personal-exhibitions\/","title":{"rendered":"Personal exhibitions"},"content":{"rendered":"\t\t<div data-elementor-type=\"wp-page\" data-elementor-id=\"282\" class=\"elementor elementor-282\">\n\t\t\t\t\t\t<section class=\"elementor-section elementor-top-section elementor-element elementor-element-af811a1 elementor-section-boxed elementor-section-height-default elementor-section-height-default\" data-id=\"af811a1\" data-element_type=\"section\" data-settings=\"{&quot;background_background&quot;:&quot;classic&quot;}\">\n\t\t\t\t\t\t\t<div class=\"elementor-background-overlay\"><\/div>\n\t\t\t\t\t\t\t<div class=\"elementor-container elementor-column-gap-default\">\n\t\t\t\t\t<div class=\"elementor-column elementor-col-100 elementor-top-column elementor-element elementor-element-2a8ed93\" data-id=\"2a8ed93\" data-element_type=\"column\">\n\t\t\t<div class=\"elementor-widget-wrap elementor-element-populated\">\n\t\t\t\t\t\t<div class=\"elementor-element elementor-element-ab1a845 elementor-widget elementor-widget-spacer\" data-id=\"ab1a845\" data-element_type=\"widget\" data-widget_type=\"spacer.default\">\n\t\t\t\t<div class=\"elementor-widget-container\">\n\t\t\t\t\t<div class=\"elementor-spacer\">\n\t\t\t<div class=\"elementor-spacer-inner\"><\/div>\n\t\t<\/div>\n\t\t\t\t<\/div>\n\t\t\t\t<\/div>\n\t\t\t\t<div class=\"elementor-element elementor-element-92cb902 elementor-invisible elementor-widget elementor-widget-heading\" data-id=\"92cb902\" data-element_type=\"widget\" data-settings=\"{&quot;_animation&quot;:&quot;zoomIn&quot;}\" data-widget_type=\"heading.default\">\n\t\t\t\t<div class=\"elementor-widget-container\">\n\t\t\t<h2 class=\"elementor-heading-title elementor-size-default\">Personal exhibitions<\/h2>\t\t<\/div>\n\t\t\t\t<\/div>\n\t\t\t\t<div class=\"elementor-element elementor-element-9e749f4 elementor-widget elementor-widget-text-editor\" data-id=\"9e749f4\" data-element_type=\"widget\" data-widget_type=\"text-editor.default\">\n\t\t\t\t<div class=\"elementor-widget-container\">\n\t\t\t\t\t\t\t<p>Numerous personal exhibitions since 1977<\/p>\t\t\t\t\t\t<\/div>\n\t\t\t\t<\/div>\n\t\t\t\t<div class=\"elementor-element elementor-element-673004d elementor-widget elementor-widget-spacer\" data-id=\"673004d\" data-element_type=\"widget\" data-widget_type=\"spacer.default\">\n\t\t\t\t<div class=\"elementor-widget-container\">\n\t\t\t\t\t<div class=\"elementor-spacer\">\n\t\t\t<div class=\"elementor-spacer-inner\"><\/div>\n\t\t<\/div>\n\t\t\t\t<\/div>\n\t\t\t\t<\/div>\n\t\t\t\t\t<\/div>\n\t\t<\/div>\n\t\t\t\t\t<\/div>\n\t\t<\/section>\n\t\t\t\t<section class=\"elementor-section elementor-top-section elementor-element elementor-element-b62cbb2 elementor-section-boxed elementor-section-height-default elementor-section-height-default\" data-id=\"b62cbb2\" data-element_type=\"section\">\n\t\t\t\t\t\t<div class=\"elementor-container elementor-column-gap-default\">\n\t\t\t\t\t<div class=\"elementor-column elementor-col-100 elementor-top-column elementor-element elementor-element-a2d810a\" data-id=\"a2d810a\" data-element_type=\"column\">\n\t\t\t<div class=\"elementor-widget-wrap elementor-element-populated\">\n\t\t\t\t\t\t<div class=\"elementor-element elementor-element-b5a1e94 elementor-widget elementor-widget-text-editor\" data-id=\"b5a1e94\" data-element_type=\"widget\" data-widget_type=\"text-editor.default\">\n\t\t\t\t<div class=\"elementor-widget-container\">\n\t\t\t\t\t\t\t<h5>2023<\/h5>\n<p>August &#8211; September : <strong>L\u2019Oc\u00e9an Noir<\/strong> &#8211; Museum fu\u0308r Industriekultur, Osnabru\u0308ck, RFA.<br\/>\nMay 30 &#8211; June 5 : <strong>L\u2019Oc\u00e9an Noir<\/strong> &#8211; Rautenstrauch-Joest-Museum, Cologne, RFA.<\/p>\n\n<h5>2020<\/h5>\n<p>October 13 &#8211; November 30 : <strong>Tissages et M\u00e9tissages<\/strong>, The Black Ocean hangings, textile collages on paper and canvas &#8211; Galerie MAM, Douala, Cameroun.<\/p>\n\n<h5>2017<\/h5>\n<p>December 10, 2016 &#8211; May 28, 2017 : <strong>Ha\u00efti l\u2019ile sous le vent<\/strong> &#8211; Mus\u00e9e du Nouveau Monde, La Rochelle, France.<br\/>\nAn exhibition of voodoo \u201cdrapos\u201d made in Haiti, in the workshop of Valentin Valris in Port-au-Prince.<\/p>\n\n<h5>2016<\/h5>\n<p>May 10 &#8211; July 31 : <strong>L\u2019Oc\u00e9an Noir The Black Ocean, O Oceano Negro<\/strong> &#8211; Salle de la rel\u00e9gation Collective Camp de la Transportation, Saint Laurent du Maroni, Guyane Fran\u00e7aise.<\/p>\n\n<h5>2014<\/h5>\n<p>November 25 &#8211; December 12 : <strong>L\u2019Oc\u00e9an Noir<\/strong> &#8211; Goussainville, France.<br\/>\nOctober 16 &#8211; November 7 : <strong>And I endlessly create myself: The Black Ocean series<\/strong> + Catalogue in English &#8211; Ann Arbour University, Michigan, USA.<br\/>\nApril 23 &#8211; May 17 : <strong>Vodouns et Orixas<\/strong> &#8211; Galerie Philippe Lawson, Paris.<br\/>\nMay 26 &#8211; June 15 : <strong>L\u2019Oc\u00e9an Noir<\/strong> &#8211; Guyane, \u00e0 Kourou, Cayenne.<\/p>\n\n<h5>2013<\/h5>\n<p>November 25 &#8211; December 1 : <strong>L\u2019Oc\u00e9an Noir, The Black Ocean, O Oceano Negro<\/strong> &#8211; France Maison des associations, 46ter Rue Sainte-Catherine, Orl\u00e9ans.<br\/>\nAugust 1-31 : <strong>L\u2019Oc\u00e9an Noir, The Black Ocean, O Oceano Negro<\/strong> &#8211; Salvador de Bahia. Brazil. Museu Casa do Benin, Rua Padre Agostinho Gomes 17, Pelourinho.<br\/>\nJune 4-16 : <strong>L\u2019Oc\u00e9an Noir<\/strong> &#8211; Mediath\u00e8que d\u2019\u00c9vreux, France.<\/p>\n\n<h5>2012<\/h5>\n<p>April 10 &#8211; May 29 : <strong>Lire est-ce bien s\u00e9rieux ?<\/strong> &#8211; Biblioth\u00e8que l\u2019Heure Joyeuse, Paris.<br\/>\nMay 3 &#8211; June 3 : <strong>Vodouns<\/strong>, Collages &#8211; MC2a PORTE, 44 rue du Faubourg des Arts, Bordeaux.<br\/>\nMay 3 &#8211; June 3 : <strong>L\u2019Oc\u00e9an Noir<\/strong> &#8211; Mus\u00e9e d\u2019Aquitaine, Bordeaux, France.<\/p>\n\n<h5>2011<\/h5>\n<p>December 2-22 : <strong>L\u2019Oc\u00e9an Noir<\/strong> &#8211; 6\u00b0 Festival des Divinit\u00e9s Noires, Institut fran\u00e7ais Lom\u00e9, Togo.<br\/>\nOctober 5-10 : <strong>L\u2019Oc\u00e9an Noir<\/strong> &#8211; Maison du XXI si\u00e8cle, FIG de Saint Di\u00e9 les Vosges, France.<br\/>\nMay 25 &#8211; June 26 : <strong>Pastels et collages<\/strong> &#8211; CCF de Pointe Noire, Congo.<br\/>\nMarch 21 &#8211; June 20 : <strong>L\u2019Oc\u00e9an Noir<\/strong> &#8211; <a href=\"http:\/\/www.alienor.org\/musees\/index.php?\/fre\/La-liste-des-villes\/La-Rochelle\/Musee-Nouveau-Monde\/Vie-du-musee-actualites\/L-Ocean-noir\">New World Museum of La Rochelle<\/a>, La Rochelle, France.<\/p>\n\n<h5>2010<\/h5>\n<p>November 23 &#8211; December 17 : <strong>L\u2019Oc\u00e9an Noir<\/strong> &#8211; Coll\u00e8ge Jules-Verne, D\u00e9ville-l\u00e8s-Rouen.<br\/>\nOctober 29 &#8211; December 31 : <strong>L\u2019Oc\u00e9an Noir, D\u2019une Afrique l\u2019autre<\/strong> &#8211; <a href=\"http:\/\/www.musee-africain-lyon.org\/expositions.html#oct\">African Museum<\/a>, Lyon.<br\/>\nJune 29 &#8211; July 10 : <strong>L\u2019Oc\u00e9an Noir<\/strong> &#8211; M\u00e9diath\u00e8que Philippe-Vial, Voiron.<br\/>\nJune 8 &#8211; July 8 : <strong>L\u2019Oc\u00e9an Noir<\/strong>, as part of the Regard B\u00e9nin 1.0 exhibition &#8211; M\u00e9diath\u00e8que des Diasporas, Cotonou, Benin.<br\/>\nApril 28 &#8211; May 2 <strong>L\u2019Oc\u00e9an Noir<\/strong> &#8211; Salon de Gen\u00e8ve, Switzerland.<br\/>\nApril 5-30 : <strong>The Black Ocean<\/strong> &#8211; Europa, Africa, America.<br\/>\n<a href=\"http:\/\/newsroom.unl.edu\/releases\/2010\/03\/31\/%27Black+Ocean,%27+artist+William+Wilson+at+Hillestad+Textiles+Gallery+in+April\"><strong>A suite of appliqu\u00e9 narratives<\/strong><\/a> &#8211; Lincoln University, NE, USA.<br\/>\nMarch 26 &#8211; April 18 : <strong>L\u2019Oc\u00e9an Noir<\/strong> &#8211; Museo Civico Medievale, Bologna, Italia.<br\/>\nMarch 7-13 : <strong>L\u2019Oc\u00e9an Noir<\/strong> &#8211; CCF de Bamako, Mali.<br\/>\nMarch 3-8 : <strong>L\u2019Oc\u00e9an Noir<\/strong> &#8211; Salon du Livre de Bruxelles, Balgium.<br\/>\nFebruary 4 &#8211; June 13 : <strong>L\u2019Oc\u00e9an Noir<\/strong> &#8211; <a href=\"http:\/\/www.provence-luberon-news.com\/en\/Provence-Kiosk\/Culture-and-Leisure\/Contemporary-Art\/L-Ocean-Noir-derives-historiques\">Blach\u00e8re Foundation<\/a>, Apt, France.<br\/>\nJanuary 23 &#8211; February 20 : <strong>L\u2019Oc\u00e9an Noir<\/strong> &#8211; Centre Culturel Jean Cocteau, Les Lilas, France.<br\/>\nDecember 10, 2009 &#8211; January 5, 2010 : <strong>L\u2019Oc\u00e9an Noir<\/strong>, as part of the Artistes d\u2019Abomey exhibition &#8211; Mus\u00e9e du Quai Branly, Paris.<\/p>\n\n<h5>2009<\/h5>\n<p>April 28 &#8211; May 23 : <strong>William Wilson : l\u2019art souverain<\/strong> &#8211; Galerie Philippe Lawson, 16 rue des Carmes, Paris.<br\/>\nMay 30 &#8211; June 3 : First exhibition of <strong>The Black Ocean<\/strong> &#8211; <a href=\"http:\/\/www.etonnants-voyageurs.com\/spip.php?article3456\">Festival \u00c9tonnants Voyageurs<\/a>, Saint-Malo.<\/p>\n\n<h5>2008<\/h5>\n<p>March 7 &#8211; May 24 : <strong>William Wilson (Retrospective)<\/strong> &#8211; Maison de Arts de Laon.<\/p>\n\n<h5>2007<\/h5>\n<p>May 4-8 : <strong>\u00c9corces de Corse et Terres d\u2019ailleurs<\/strong>, cork sculptures &#8211; Gloria Mundi, 9 passage Annibal, Paris.<\/p>\n\n<h5>2005<\/h5>\n<p>November 1-27 : <strong>Pastels et sculptures<\/strong> &#8211; Halle ST Pierre 2, rue Ronsard, Paris.<br\/>\nApril 30 &#8211; July 17 : <strong>Sculptures peintures et pastels<\/strong>, as part of the <strong>Champs libres<\/strong> exhibition &#8211; Chapelle de Pontgivard (Marne), R\u00e9gion Champagne Ardennes.<\/p>\n\n<h5>2004<\/h5>\n<p>April 15 &#8211; August 31 : <strong>William Wilson &#8211; \u0152uvres<\/strong> &#8211; L\u2019Or\u00e9al Flor\u00e9al HQ, St Ouen.<\/p>\n\n<h5>2003<\/h5>\n<p>October 30 &#8211; November 30 : <strong>Pastels et dessins<\/strong> &#8211; Galerie ROCKET, Tokyo, Japan.<\/p>\n\n<h5>2002<\/h5>\n<p>April 7 &#8211; May 12 : <strong>Huiles sur toile<\/strong> &#8211; Jernigan-Wicker Fine Arts, San Francisco, USA.<\/p>\n\n<h5>2001<\/h5>\n<p>December 18-31 : <strong>Sculptures<\/strong> &#8211; Le C\u0153ur Fou, Paris.<br\/>\nDecember 14 &#8211; January 20 : <strong>Peintures, Pastels et gravures<\/strong> &#8211; Galerie Agbe Gbalicam, Paris.<\/p>\n\n<h5>2000<\/h5>\n<p>October 7-27 : <strong>Pastels et gravures<\/strong> &#8211; Centre Charles Baudelaire Maurituis Island, Oc\u00e9an Indien.<br\/>\nSeptember 14 &#8211; October 16 : <strong>Ma Cabane sur les Champs<\/strong> &#8211; Agence Publicis Champs Elys\u00e9es, Paris.<\/p>\n\n<h5>1999<\/h5>\n<p>February 26 &#8211; March 5 : <strong>Pastels et dessins<\/strong> &#8211; Galerie ROCKET, Tokyo, Japan.<\/p>\n\n<h5>1998<\/h5>\n<p>December 3 &#8211; January 10 : <strong>Peintures Sculptures<\/strong> &#8211; Galerie Porte 2a, Bordeaux.<br\/>\nDecember 8-18 : <strong>Original pastels from the \u201cD\u00e9claration Universelle des Droits de l\u2019Homme\u201d<\/strong> &#8211; Palais des Nations, Gen\u00e8ve, Switzerland.<\/p>\n\n<h5>1997<\/h5>\n<p>December 10 &#8211; January 10 : <strong>Peintures, sculptures, Pastels, estampes<\/strong> &#8211; Galerie McCANN Erickson, Levallois.<br\/>\nNovember 6 &#8211; December 6 : <strong>Pastels et assemblages<\/strong> &#8211; Galerie R. Treger, Paris.<\/p>\n\n<h5>1996<\/h5>\n<p>November 7-17 : <strong>MAC 2000 Pastels et estampes<\/strong> &#8211; Espace Eiffel-Branly, Paris.<br\/>\nSeptember 7 &#8211; October 13 : <strong>Peintures, sculptures, Pastels, estampes<\/strong> &#8211; Galerie Numaga, Auvernier, Switzerland.<br\/>\nFebruary 27 &#8211; April 15 : <strong>Le Voyage en Arizona<\/strong> &#8211; Jernigan-Wicker Fine Arts, Oil paintings and pastels, San Francisco, USA.<\/p>\n\n<h5>1995<\/h5>\n<p>June 8 &#8211; September 30 : <strong>Le Voyage en Arizona<\/strong>, giant pastels &#8211; Galerie Loft, Paris.<\/p>\n\n<h5>1994<\/h5>\n<p>April 9 &#8211; May 31 : <strong>Phantasmagoria Pastels et estampes<\/strong> &#8211; Savannah Gallery, London, GB.<\/p>\n\n<h5>1993<\/h5>\n<p>September 23 &#8211; October 13 : <strong>T\u00eates \u00e0 histoires<\/strong>, Pastels &#8211; Galerie Christophe, Paris.<\/p>\n\n<h5>1992<\/h5>\n<p>February 10-29 : <strong>Portraits de chaises<\/strong> &#8211; Institut fran\u00e7ais d\u2019Innsbruck, Austria.<br\/>\nJanuary 20 &#8211; February 20 : <strong>Dessins d\u2019Afrique<\/strong> &#8211; Centre Culturel Fran\u00e7ais de Lom\u00e9, Togo.<\/p>\n\n<h5>1991<\/h5>\n<p>May 28 &#8211; June 30 : <strong>Portraits de chaises<\/strong>, sculptures &#8211; Galerie Michel Gillet, Paris.<\/p>\n\n<h5>1990<\/h5>\n<p>April 26 &#8211; May 12 : <strong>Chaises au mur et livres \u00e0 th\u00e8me<\/strong> &#8211; Galerie Fanny Guillon-Laffaille, Paris.<\/p>\n\n<h5>1988<\/h5>\n<p>October 19-30 : <strong>Peintures et tutus<\/strong>, around the <strong>Petites Pi\u00e8ces de Berlin<\/strong>, Cie Bagouet. Objects and drawings on the theme of dancing &#8211; Centre Georges Pompidou, Paris.<br\/>\nMay 17 &#8211; June 4 : <strong>WW Peintures<\/strong> &#8211; Galerie J.P. Christophe, Paris, France.<\/p>\n\n<h5>1987<\/h5>\n<p>May 4-31 : <strong>Journal de voyage<\/strong>, Dessins et s\u00e9rigraphies &#8211; La Maison Fran\u00e7aise, New York University, NY, USA.<br\/>\nApril 2-8 : <strong>Journal de voyage<\/strong>, Dessins et s\u00e9rigraphies &#8211; Atelier La Transatlantique, Paris.<\/p>\n\n<h5>1986<\/h5>\n<p>October 30 &#8211; November 4 : <strong>Pastels et peintures<\/strong>, <strong>Le g\u00e9nie de la Bastille 86<\/strong> &#8211; Paris.<\/p>\n\n<h5>1985<\/h5>\n<p>December 5-21 : <strong>Peintures<\/strong> &#8211; L\u00e9onard Perlson Gallery, New York, USA.<br\/>\nOctober 1-31 : <strong>Pastels et peintures<\/strong> &#8211; Les Ateliers Fantasques, Octobre des Arts, Lyon.<br\/>\nApril 10 &#8211; May 20 : <strong>Pastels<\/strong> &#8211; Fondation Strafor, Paris.<\/p>\n\n<h5>1976<\/h5>\n<p>First exhibition : <strong>Dessins, La Maison pour tous<\/strong> &#8211; Rue Mouffetard, Paris.<\/p>\t\t\t\t\t\t<\/div>\n\t\t\t\t<\/div>\n\t\t\t\t\t<\/div>\n\t\t<\/div>\n\t\t\t\t\t<\/div>\n\t\t<\/section>\n\t\t\t\t<\/div>\n\t\t","protected":false},"excerpt":{"rendered":"<p>Personal exhibitions Numerous personal exhibitions since 1977 2023 August &#8211; September : L\u2019Oc\u00e9an Noir &#8211; Museum fu\u0308r Industriekultur, Osnabru\u0308ck, RFA. May 30 &#8211; June 5 : L\u2019Oc\u00e9an Noir &#8211; Rautenstrauch-Joest-Museum, Cologne, RFA. 2020 October 13 &#8211; November 30 : Tissages et M\u00e9tissages, The Black Ocean hangings, textile collages on paper and canvas &#8211; Galerie MAM,&hellip;&nbsp;<a href=\"https:\/\/www.williamadjetewilson.com\/en\/personal-exhibitions\/\" class=\"\" rel=\"bookmark\">Lire la suite &raquo;<span class=\"screen-reader-text\">Personal exhibitions<\/span><\/a><\/p>\n","protected":false},"author":1,"featured_media":0,"parent":0,"menu_order":0,"comment_status":"closed","ping_status":"closed","template":"page-templates\/template-pagebuilder-full-width.php","meta":{"neve_meta_sidebar":"full-width","neve_meta_container":"","neve_meta_enable_content_width":"on","neve_meta_content_width":100,"neve_meta_title_alignment":"","neve_meta_author_avatar":"","neve_post_elements_order":"","neve_meta_disable_header":"","neve_meta_disable_footer":"","neve_meta_disable_title":"on","footnotes":""},"_links":{"self":[{"href":"https:\/\/www.williamadjetewilson.com\/en\/wp-json\/wp\/v2\/pages\/282"}],"collection":[{"href":"https:\/\/www.williamadjetewilson.com\/en\/wp-json\/wp\/v2\/pages"}],"about":[{"href":"https:\/\/www.williamadjetewilson.com\/en\/wp-json\/wp\/v2\/types\/page"}],"author":[{"embeddable":true,"href":"https:\/\/www.williamadjetewilson.com\/en\/wp-json\/wp\/v2\/users\/1"}],"replies":[{"embeddable":true,"href":"https:\/\/www.williamadjetewilson.com\/en\/wp-json\/wp\/v2\/comments?post=282"}],"version-history":[{"count":16,"href":"https:\/\/www.williamadjetewilson.com\/en\/wp-json\/wp\/v2\/pages\/282\/revisions"}],"predecessor-version":[{"id":638,"href":"https:\/\/www.williamadjetewilson.com\/en\/wp-json\/wp\/v2\/pages\/282\/revisions\/638"}],"wp:attachment":[{"href":"https:\/\/www.williamadjetewilson.com\/en\/wp-json\/wp\/v2\/media?parent=282"}],"curies":[{"name":"wp","href":"https:\/\/api.w.org\/{rel}","templated":true}]}}